{"id":12,"date":"2026-01-28T14:39:57","date_gmt":"2026-01-28T13:39:57","guid":{"rendered":"https:\/\/etudiant72.webuco.fr\/?page_id=12"},"modified":"2026-04-28T16:41:28","modified_gmt":"2026-04-28T14:41:28","slug":"programmation","status":"publish","type":"page","link":"https:\/\/etudiant72.webuco.fr\/index.php\/programmation\/","title":{"rendered":"Line-up"},"content":{"rendered":"\n<div class=\"gb-element-7940a49d alignwide\">\n<div class=\"marquee-container\">\n  <p class=\"marquee-text\">Vos artistes pr\u00e9formeront durant les trois jours \u00e0 partir de 18h et \u00e0 partir de 19h le dimanche !<\/p>\n<\/div>\n<\/div>\n\n\n\n<div class=\"gb-element-dbda2c11\">\n<div>\n<p class=\"gb-text gb-text-dd82ee2b\"><strong>12 Juillet<\/strong><\/p>\n\n\n\n<div class=\"image-container\">\r\n    <a href=\"https:\/\/etudiant72.webuco.fr\/index.php\/billetterie\/\">\r\n        <img decoding=\"async\" src=\"https:\/\/etudiant72.webuco.fr\/wp-content\/uploads\/2026\/03\/Neutral-Aesthetic-Instagram-Portrait-Post-2-1.png\" alt=\"Ma superbe image\" class=\"shake-image\">\r\n    <\/a>\r\n<\/div>\n\n\n\n<p class=\"gb-text gb-text-8c437f6a\"><a href=\"https:\/\/etudiant72.webuco.fr\/index.php\/le-rat-luciano\/\">Le Rat Luciano \u00e0 18h le Vendredi<\/a><\/p>\n\n\n\n<p class=\"gb-text gb-text-0c878023\"><a href=\"https:\/\/etudiant72.webuco.fr\/index.php\/lalgerino\/\">L&#8217;Alg\u00e9rino \u00e0 19h le Vendredi<\/a><\/p>\n\n\n\n<p class=\"gb-text gb-text-f5a7aa81\"><a href=\"https:\/\/etudiant72.webuco.fr\/index.php\/ghetto-phenomene\/\">Ghetto Ph\u00e9nom\u00e8ne \u00e0 20h le Vendredi<\/a><\/p>\n\n\n\n<p class=\"gb-text gb-text-9c2963f0\"><a href=\"https:\/\/etudiant72.webuco.fr\/index.php\/soprano\/\">Soprano \u00e0 21h le Vendredi<\/a><\/p>\n<\/div>\n\n\n\n<div>\n<p class=\"gb-text gb-text-9e83b811\"><strong>13 Juillet<\/strong><\/p>\n\n\n\n<div class=\"image-container\">\r\n    <a href=\"https:\/\/etudiant72.webuco.fr\/index.php\/billetterie\/\">\r\n        <img decoding=\"async\" src=\"https:\/\/etudiant72.webuco.fr\/wp-content\/uploads\/2026\/03\/Neutral-Aesthetic-Instagram-Portrait-Post-3-2.png\" alt=\"Ma superbe image\" class=\"shake-image\">\r\n    <\/a>\r\n<\/div>\n\n\n\n<p class=\"gb-text gb-text-b0a29a80\"><a href=\"https:\/\/etudiant72.webuco.fr\/index.php\/kofs\/\" data-type=\"page\" data-id=\"450\">Kofs \u00e0 18h le Samedi<\/a><\/p>\n\n\n\n<p class=\"gb-text gb-text-b1c82a90\"><a href=\"https:\/\/etudiant72.webuco.fr\/index.php\/yl\/\" data-type=\"page\" data-id=\"472\">YL \u00e0 19h le Samedi<\/a><\/p>\n\n\n\n<p class=\"gb-text gb-text-cfc6c6b1\"><a href=\"https:\/\/etudiant72.webuco.fr\/index.php\/alonzo\/\" data-type=\"page\" data-id=\"460\">Alonzo \u00e0 20h le Samedi <\/a><\/p>\n\n\n\n<p class=\"gb-text gb-text-853d6b56\"><a href=\"https:\/\/etudiant72.webuco.fr\/index.php\/iam\/\" data-type=\"page\" data-id=\"484\">IAM \u00e0 21h le Samedi <\/a><\/p>\n<\/div>\n\n\n\n<div>\n<p class=\"gb-text gb-text-4af0aec6\"><strong>14 Juillet<\/strong><\/p>\n\n\n\n<div class=\"image-container\">\r\n    <a href=\"https:\/\/etudiant72.webuco.fr\/index.php\/billetterie\/\">\r\n        <img decoding=\"async\" src=\"https:\/\/etudiant72.webuco.fr\/wp-content\/uploads\/2026\/03\/Neutral-Aesthetic-Instagram-Portrait-Post-4.png\" class=\"shake-image\">\r\n    <\/a>\r\n<\/div>\n\n\n\n<p class=\"gb-text gb-text-f958bce6\"><a href=\"https:\/\/etudiant72.webuco.fr\/index.php\/soso-maness\/\" data-type=\"page\" data-id=\"480\">Soso Maness \u00e0 19h le Dimanche<\/a><\/p>\n\n\n\n<p class=\"gb-text gb-text-d7e5689d\"><a href=\"https:\/\/etudiant72.webuco.fr\/index.php\/sch\/\" data-type=\"page\" data-id=\"445\">SCH \u00e0 20h le Dimanche <\/a><\/p>\n\n\n\n<p class=\"gb-text gb-text-b0639fe3\"><a href=\"https:\/\/etudiant72.webuco.fr\/index.php\/jul\/\" data-type=\"page\" data-id=\"377\">JUL \u00e0 21h le Dimanche<\/a><\/p>\n\n\n\n<p class=\"gb-text gb-text-d3658679\"><a href=\"https:\/\/etudiant72.webuco.fr\/index.php\/13-organisee\/\" data-type=\"page\" data-id=\"489\">13 organis\u00e9e \u00e0 22h le Dimanche<\/a><\/p>\n<\/div>\n<\/div>\n\n\n\n<div class=\"gb-element-f26cdf5c\">\n<a class=\"gb-text gb-text-cce23901\" href=\"https:\/\/etudiant72.webuco.fr\/index.php\/billetterie\/\" rel=\"nofollow\">      <strong> Cliquez pour acc\u00e9der \u00e0 la billetterie !<\/strong><\/a>\n<\/div>\n\n\n\n<p><\/p>\n","protected":false},"excerpt":{"rendered":"<p>Vos artistes pr\u00e9formeront durant les trois jours \u00e0 partir de 18h et \u00e0 partir de 19h le dimanche ! 12 Juillet Le Rat Luciano \u00e0 18h le Vendredi L&#8217;Alg\u00e9rino \u00e0 19h le Vendredi Ghetto Ph\u00e9nom\u00e8ne \u00e0 20h le Vendredi Soprano \u00e0 21h le Vendredi 13 Juillet Kofs \u00e0 18h le Samedi YL \u00e0 19h le &#8230; <a title=\"Line-up\" class=\"read-more\" href=\"https:\/\/etudiant72.webuco.fr\/index.php\/programmation\/\" aria-label=\"Read more about Line-up\">Read more<\/a><\/p>\n","protected":false},"author":1,"featured_media":0,"parent":0,"menu_order":0,"comment_status":"closed","ping_status":"closed","template":"","meta":{"footnotes":""},"class_list":["post-12","page","type-page","status-publish"],"_links":{"self":[{"href":"https:\/\/etudiant72.webuco.fr\/index.php\/wp-json\/wp\/v2\/pages\/12","targetHints":{"allow":["GET"]}}],"collection":[{"href":"https:\/\/etudiant72.webuco.fr\/index.php\/wp-json\/wp\/v2\/pages"}],"about":[{"href":"https:\/\/etudiant72.webuco.fr\/index.php\/wp-json\/wp\/v2\/types\/page"}],"author":[{"embeddable":true,"href":"https:\/\/etudiant72.webuco.fr\/index.php\/wp-json\/wp\/v2\/users\/1"}],"replies":[{"embeddable":true,"href":"https:\/\/etudiant72.webuco.fr\/index.php\/wp-json\/wp\/v2\/comments?post=12"}],"version-history":[{"count":70,"href":"https:\/\/etudiant72.webuco.fr\/index.php\/wp-json\/wp\/v2\/pages\/12\/revisions"}],"predecessor-version":[{"id":532,"href":"https:\/\/etudiant72.webuco.fr\/index.php\/wp-json\/wp\/v2\/pages\/12\/revisions\/532"}],"wp:attachment":[{"href":"https:\/\/etudiant72.webuco.fr\/index.php\/wp-json\/wp\/v2\/media?parent=12"}],"curies":[{"name":"wp","href":"https:\/\/api.w.org\/{rel}","templated":true}]}}